{"id":2,"date":"2006-03-24T01:46:11","date_gmt":"2006-03-24T00:46:11","guid":{"rendered":""},"modified":"2008-02-27T02:53:08","modified_gmt":"2008-02-27T02:53:08","slug":"about","status":"publish","type":"page","link":"http:\/\/www.inacreditavel.pt\/?page_id=2","title":{"rendered":"Sobre n\u00f3s"},"content":{"rendered":"<p><strong>Aditamento ao pref\u00e1cio \u00e0 4\u00aa edi\u00e7\u00e3o (27-FEV-2008): <\/strong><\/p>\n<p>Em reuni\u00e3o de administra\u00e7\u00e3o, foi votado, por maioria qualificada, voltarmos ao t\u00edtulo que celebrizou e consagrou este bl\u00f3guio: Chornal do Inacredit\u00e1vel. Assim seja.<\/p>\n<p><strong>Pref\u00e1cio \u00e0 4\u00aa edi\u00e7\u00e3o (10-FEV-2008): <\/strong><\/p>\n<p>Ao cabo de 10 anos de <em>trabalho<\/em> na net@, este bl\u00f3guio ganhou uma dimens\u00e3o, tanto interna &#8211; com o aumento do n\u00famero de jornalistas &#8211; como externa &#8211; com o aumento do n\u00famero de leitores -, que nos obriga a pensar nele como um projecto mais s\u00e9rio. eh eh eh<\/p>\n<p>Apesar de tudo e, para n\u00e3o defraudarmos as expectativas dos nossos leitores, as hist\u00f3rias anormais v\u00e3o continuar a ter lugar nesta que \u00e9 a publica\u00e7\u00e3o de anormalidades mais antiga do pa\u00eds.<\/p>\n<p><strong>Pref\u00e1cio \u00e0 3\u00aa edi\u00e7\u00e3o (24-MAR-2006): <\/strong><\/p>\n<p>Exte \u00e9 um chornal de xst\u00f3rias riais que aconte\u00e7\u00eam aqui neste pa\u00eds de anormais.<\/p>\n<p>Va\u00f5-se fo&#8230;.<\/p>\n<p>Vam-se mantendo em kontacto.<\/p>\n<p><strong>Pref\u00e1cio \u00e0 <a href=\"http:\/\/inacreditavel2.ioio.info\/\">2\u00aa edi\u00e7\u00e3o<\/a> (14-OUT-2002): <\/strong><br \/>\n<font face=\"verdana, Arial, helvetica\" size=\"2\">Bem vindo ao JORNAL DO INACREDIT\u00c1VEL.<\/font><\/p>\n<p><font face=\"verdana, Arial, helvetica\" size=\"2\">Este \u00e9 um jornal livre, onde os <a href=\"http:\/\/inacreditavel2.ioio.info\/passo1.php\">jornalistas inscritos<\/a> podem expressar livremente a sua opini\u00e3o, sendo os \u00fanicos respons\u00e1veis por isso.<\/font><\/p>\n<p><font face=\"verdana, Arial, helvetica\" size=\"2\">Este jornal tira partido das novas tecnologias para disponibilizar aos seus leitores as not\u00edcias mais actuais, em cada instante.<\/font><\/p>\n<p><font face=\"verdana, Arial, helvetica\" size=\"2\">Participe e divulgue!!!<\/font><\/p>\n<p><strong>Pref\u00e1cio \u00e0 <a href=\"http:\/\/inacreditavel1.ioio.info\/\">1\u00aa edi\u00e7\u00e3o<\/a> (algures entre 1997 e 1998): <\/strong><br \/>\nEra fabuloso, cheio de palavras que nem eu entendia&#8230; Assim que o descobrir coloco-o aqui.<\/p>\n<p>J\u00e1 descobri: aqui vai:<\/p>\n<p>&#8220;<font size=\"-1\">As par\u00e9mias aqui expostas relevam de uma parr\u00e9sia que normalmente decorreria de uma simples par\u00f3psia. De facto, a ontog\u00e9nese deste site e seu conte\u00fado, que poderia ser interpretado como uma forma de coprolalia verberando o cyberespa\u00e7o, deve-se a um processo e posicionamento pretensamente brizomante, quase terap\u00eautico ou paneg\u00f3rico, devendo-lhe ser atribu\u00eddo o valor de um aut\u00eantico onirogmo.<br \/>\nEsta obra, dado o seu car\u00e1cter rotundamente fact\u00edcio, torna recomend\u00e1vel ao leitor que recorra a outros desrefolhos antes de formar opini\u00e3o sobre os assuntos aqui versados.<br \/>\nTemos por conveniente aduzir que n\u00e3o rejeitamos que ocasionalmente se apropinque a realidade, ainda que ajaezada. Ainda assim nada peia a que o leitor pile devidamente a informa\u00e7\u00e3o e assim sustenha o fr\u00e9mito f\u00e1cil. De maneira que, os autores n\u00e3o pretendem ser zupados, nem indevidamente zurzidos por quem leia superficialmente estas linhas. Dedicamos pois este site aos leitores de menos frang\u00edvel susceptibilidade e s\u00f3 a estes. Para os outros que apenas nos animadvertem pela linguagem aqui usada, \u00e9 tempo de uma antipar\u00e1stese, pois o paup\u00e9rrimo n\u00edvel lingu\u00edstico a que o cidad\u00e3o comum se converteu deve-se exactamente \u00e0 n\u00e3o assump\u00e7\u00e3o da l\u00edngua materna em toda a sua plenitude e \u00e0 sua substitui\u00e7\u00e3o, nos media, por um subconjunto simplista desse nobre instrumento.<br \/>\nGra\u00e7as \u00e0 paraninfa web e \u00e0 enorme parapraxia do leitor, que o faz retornar ao nosso site, continuaremos presentes no seu \u00e9cran, oferecendo-lhe uma leitura alternativa que, esperamos, lhe proporcione o merecido al\u00edvio da coprostasia, sempre que necess\u00e1rio.<br \/>\nBem haja, por isso.<\/font>&#8220;<\/p>\n","protected":false},"excerpt":{"rendered":"<p>Aditamento ao pref\u00e1cio \u00e0 4\u00aa edi\u00e7\u00e3o (27-FEV-2008): Em reuni\u00e3o de administra\u00e7\u00e3o, foi votado, por maioria qualificada, voltarmos ao t\u00edtulo que celebrizou e consagrou este bl\u00f3guio: Chornal do Inacredit\u00e1vel. Assim seja. Pref\u00e1cio \u00e0 4\u00aa edi\u00e7\u00e3o (10-FEV-2008): Ao cabo de 10 anos de trabalho na net@, este bl\u00f3guio ganhou uma dimens\u00e3o, tanto interna &#8211; com o aumento [&hellip;]<\/p>\n","protected":false},"author":1,"featured_media":0,"parent":0,"menu_order":0,"comment_status":"open","ping_status":"open","template":"","meta":{"footnotes":""},"_links":{"self":[{"href":"http:\/\/www.inacreditavel.pt\/index.php?rest_route=\/wp\/v2\/pages\/2"}],"collection":[{"href":"http:\/\/www.inacreditavel.pt\/index.php?rest_route=\/wp\/v2\/pages"}],"about":[{"href":"http:\/\/www.inacreditavel.pt\/index.php?rest_route=\/wp\/v2\/types\/page"}],"author":[{"embeddable":true,"href":"http:\/\/www.inacreditavel.pt\/index.php?rest_route=\/wp\/v2\/users\/1"}],"replies":[{"embeddable":true,"href":"http:\/\/www.inacreditavel.pt\/index.php?rest_route=%2Fwp%2Fv2%2Fcomments&post=2"}],"version-history":[{"count":0,"href":"http:\/\/www.inacreditavel.pt\/index.php?rest_route=\/wp\/v2\/pages\/2\/revisions"}],"wp:attachment":[{"href":"http:\/\/www.inacreditavel.pt\/index.php?rest_route=%2Fwp%2Fv2%2Fmedia&parent=2"}],"curies":[{"name":"wp","href":"https:\/\/api.w.org\/{rel}","templated":true}]}}